{"id":35,"date":"2020-05-14T16:42:19","date_gmt":"2020-05-14T16:42:19","guid":{"rendered":"http:\/\/llarinfantsagatha.com\/?page_id=35"},"modified":"2026-04-09T07:46:39","modified_gmt":"2026-04-09T07:46:39","slug":"activitats","status":"publish","type":"page","link":"http:\/\/llarinfantsagatha.com\/index.php\/activitats","title":{"rendered":"Activitats"},"content":{"rendered":"\n<div class=\"wp-block-media-text alignwide is-stacked-on-mobile has-background\" style=\"background-color:#ceecff;grid-template-columns:42% auto\"><figure class=\"wp-block-media-text__media\"><img decoding=\"async\" loading=\"lazy\" width=\"914\" height=\"1024\" src=\"http:\/\/llarinfantsagatha.com\/wp-content\/uploads\/2026\/03\/IMG-20250514-WA0021-1-1.jpg-lua-1-914x1024.jpg\" alt=\"\" class=\"wp-image-547 size-full\" srcset=\"http:\/\/llarinfantsagatha.com\/wp-content\/uploads\/2026\/03\/IMG-20250514-WA0021-1-1.jpg-lua-1-914x1024.jpg 914w, http:\/\/llarinfantsagatha.com\/wp-content\/uploads\/2026\/03\/IMG-20250514-WA0021-1-1.jpg-lua-1-268x300.jpg 268w, http:\/\/llarinfantsagatha.com\/wp-content\/uploads\/2026\/03\/IMG-20250514-WA0021-1-1.jpg-lua-1-768x861.jpg 768w, http:\/\/llarinfantsagatha.com\/wp-content\/uploads\/2026\/03\/IMG-20250514-WA0021-1-1.jpg-lua-1-1371x1536.jpg 1371w, http:\/\/llarinfantsagatha.com\/wp-content\/uploads\/2026\/03\/IMG-20250514-WA0021-1-1.jpg-lua-1.jpg 1428w\" sizes=\"(max-width: 914px) 100vw, 914px\" \/><\/figure><div class=\"wp-block-media-text__content\">\n<div class=\"is-layout-flow wp-block-group\"><div class=\"wp-block-group__inner-container\">\n<p><strong><em><span style=\"color:#1d95ba\" class=\"has-inline-color\">Treballem els h\u00e0bits:<\/span><\/em><\/strong> Treballem els h\u00e0bits del dia a dia a trav\u00e9s de situacions quotidianes: ordre, higiene&#8230; Els aporta autonomia i seguretat<\/p>\n<\/div><\/div>\n<\/div><\/div>\n\n\n\n<div class=\"is-layout-flow wp-block-group\"><div class=\"wp-block-group__inner-container\">\n<div class=\"is-layout-flow wp-block-group\"><div class=\"wp-block-group__inner-container\">\n<hr>\n<\/div><\/div>\n<\/div><\/div>\n\n\n\n<div class=\"wp-block-media-text alignwide is-stacked-on-mobile has-background\" style=\"background-color:#ffc198;grid-template-columns:41% auto\"><figure class=\"wp-block-media-text__media\"><img decoding=\"async\" loading=\"lazy\" width=\"1024\" height=\"564\" src=\"http:\/\/llarinfantsagatha.com\/wp-content\/uploads\/2026\/04\/IMG-20260302-WA0018-1024x564.jpg\" alt=\"\" class=\"wp-image-556 size-full\" srcset=\"http:\/\/llarinfantsagatha.com\/wp-content\/uploads\/2026\/04\/IMG-20260302-WA0018-1024x564.jpg 1024w, http:\/\/llarinfantsagatha.com\/wp-content\/uploads\/2026\/04\/IMG-20260302-WA0018-300x165.jpg 300w, http:\/\/llarinfantsagatha.com\/wp-content\/uploads\/2026\/04\/IMG-20260302-WA0018-768x423.jpg 768w, http:\/\/llarinfantsagatha.com\/wp-content\/uploads\/2026\/04\/IMG-20260302-WA0018-1536x847.jpg 1536w, http:\/\/llarinfantsagatha.com\/wp-content\/uploads\/2026\/04\/IMG-20260302-WA0018.jpg 1600w\" sizes=\"(max-width: 1024px) 100vw, 1024px\" \/><\/figure><div class=\"wp-block-media-text__content\">\n<p><mark style=\"background-color:rgba(0, 0, 0, 0);color:#ca6925\" class=\"has-inline-color\"><strong><em>Educaci\u00f3\u00a0emocional:<\/em><\/strong> <\/mark>Creiem que \u00e9s important que els infants puguin identificar i expressar amb naturalitat les seves emocions, per afavorir el seu benestar i la conviv\u00e8ncia dins l&#8217;aula<\/p>\n<\/div><\/div>\n\n\n<hr>\n\n\n<div class=\"wp-block-media-text alignwide is-stacked-on-mobile has-background\" style=\"background-color:#daf2ff;grid-template-columns:41% auto\"><figure class=\"wp-block-media-text__media\"><img decoding=\"async\" loading=\"lazy\" width=\"768\" height=\"1024\" src=\"http:\/\/llarinfantsagatha.com\/wp-content\/uploads\/2026\/03\/076afcd9-b47f-49c4-a203-17cf07922b97.jpeg-gel-768x1024.jpeg\" alt=\"\" class=\"wp-image-540 size-full\" srcset=\"http:\/\/llarinfantsagatha.com\/wp-content\/uploads\/2026\/03\/076afcd9-b47f-49c4-a203-17cf07922b97.jpeg-gel-768x1024.jpeg 768w, http:\/\/llarinfantsagatha.com\/wp-content\/uploads\/2026\/03\/076afcd9-b47f-49c4-a203-17cf07922b97.jpeg-gel-225x300.jpeg 225w, http:\/\/llarinfantsagatha.com\/wp-content\/uploads\/2026\/03\/076afcd9-b47f-49c4-a203-17cf07922b97.jpeg-gel-1152x1536.jpeg 1152w, http:\/\/llarinfantsagatha.com\/wp-content\/uploads\/2026\/03\/076afcd9-b47f-49c4-a203-17cf07922b97.jpeg-gel.jpeg 1536w\" sizes=\"(max-width: 768px) 100vw, 768px\" \/><\/figure><div class=\"wp-block-media-text__content\">\n<p><mark style=\"background-color:rgba(0, 0, 0, 0)\" class=\"has-inline-color has-vivid-cyan-blue-color\"><strong><em>Experimentaci\u00f3: <\/em><\/strong><\/mark>Presentem propostes amb materials diversos que ofereixen diferents tipus de textures, formes, colors,mides&#8230;L\u2019experimentaci\u00f3 ajuda al desenvolupament de la creativitat i la imaginaci\u00f3.<\/p>\n<\/div><\/div>\n\n\n<hr>\n\n\n<div class=\"wp-block-media-text alignwide is-stacked-on-mobile has-background\" style=\"background-color:#bbf8d5;grid-template-columns:41% auto\"><figure class=\"wp-block-media-text__media\"><img decoding=\"async\" loading=\"lazy\" width=\"983\" height=\"1024\" src=\"http:\/\/llarinfantsagatha.com\/wp-content\/uploads\/2024\/02\/image_123650291-3-983x1024.jpg\" alt=\"\" class=\"wp-image-522 size-full\" srcset=\"http:\/\/llarinfantsagatha.com\/wp-content\/uploads\/2024\/02\/image_123650291-3-983x1024.jpg 983w, http:\/\/llarinfantsagatha.com\/wp-content\/uploads\/2024\/02\/image_123650291-3-288x300.jpg 288w, http:\/\/llarinfantsagatha.com\/wp-content\/uploads\/2024\/02\/image_123650291-3-768x800.jpg 768w, http:\/\/llarinfantsagatha.com\/wp-content\/uploads\/2024\/02\/image_123650291-3-1475x1536.jpg 1475w, http:\/\/llarinfantsagatha.com\/wp-content\/uploads\/2024\/02\/image_123650291-3-1967x2048.jpg 1967w\" sizes=\"(max-width: 983px) 100vw, 983px\" \/><\/figure><div class=\"wp-block-media-text__content\">\n<p><em><strong><span style=\"color:#468e48\" class=\"has-inline-color\">Llenguatge verbal:<\/span><\/strong><\/em> A trav\u00e9s dels contes, titelles, bits i can\u00e7ons desenvolupen la seva parla i vocabulari<\/p>\n<\/div><\/div>\n\n\n<hr>\n\n\n<div class=\"wp-block-media-text alignwide is-stacked-on-mobile has-background\" style=\"background-color:#e7d1fc;grid-template-columns:41% auto\"><figure class=\"wp-block-media-text__media\"><img decoding=\"async\" loading=\"lazy\" width=\"768\" height=\"1024\" src=\"http:\/\/llarinfantsagatha.com\/wp-content\/uploads\/2026\/03\/IMG-20260311-WA0024.jpgoliver-768x1024.jpg\" alt=\"\" class=\"wp-image-544 size-full\" srcset=\"http:\/\/llarinfantsagatha.com\/wp-content\/uploads\/2026\/03\/IMG-20260311-WA0024.jpgoliver-768x1024.jpg 768w, http:\/\/llarinfantsagatha.com\/wp-content\/uploads\/2026\/03\/IMG-20260311-WA0024.jpgoliver-225x300.jpg 225w, http:\/\/llarinfantsagatha.com\/wp-content\/uploads\/2026\/03\/IMG-20260311-WA0024.jpgoliver-1152x1536.jpg 1152w, http:\/\/llarinfantsagatha.com\/wp-content\/uploads\/2026\/03\/IMG-20260311-WA0024.jpgoliver.jpg 1200w\" sizes=\"(max-width: 768px) 100vw, 768px\" \/><\/figure><div class=\"wp-block-media-text__content\">\n<p><em><strong><span class=\"has-inline-color has-vivid-purple-color\">Psicomotricitat:<\/span><\/strong><\/em> A trav\u00e9s de diferents propostes prenen consci\u00e8ncia del propi cos i les seves possibilitats. Treballem el control postural, la coordinaci\u00f3 oculo-manual, cooperaci\u00f3.<\/p>\n<\/div><\/div>\n\n\n<hr>\n\n\n<div class=\"wp-block-media-text alignwide is-stacked-on-mobile has-background\" style=\"background-color:#d0eafa;grid-template-columns:41% auto\"><figure class=\"wp-block-media-text__media\"><img decoding=\"async\" loading=\"lazy\" width=\"768\" height=\"1024\" src=\"http:\/\/llarinfantsagatha.com\/wp-content\/uploads\/2026\/04\/PHOTO-2026-02-24-10-38-37-768x1024.jpg\" alt=\"\" class=\"wp-image-557 size-full\" srcset=\"http:\/\/llarinfantsagatha.com\/wp-content\/uploads\/2026\/04\/PHOTO-2026-02-24-10-38-37-768x1024.jpg 768w, http:\/\/llarinfantsagatha.com\/wp-content\/uploads\/2026\/04\/PHOTO-2026-02-24-10-38-37-225x300.jpg 225w, http:\/\/llarinfantsagatha.com\/wp-content\/uploads\/2026\/04\/PHOTO-2026-02-24-10-38-37-1152x1536.jpg 1152w, http:\/\/llarinfantsagatha.com\/wp-content\/uploads\/2026\/04\/PHOTO-2026-02-24-10-38-37.jpg 1536w\" sizes=\"(max-width: 768px) 100vw, 768px\" \/><\/figure><div class=\"wp-block-media-text__content\">\n<p><em><strong><span style=\"color:#07659c\" class=\"has-inline-color\">Pl\u00e0stica:<\/span><\/strong><\/em><span class=\"has-inline-color has-very-dark-gray-color\"> <\/span>Quan miren les imatges, contes i objectes que hi ha a la classe.  Quan juguen amb les pintures de dits, la plastilina, les ceres, i altres materials, perceben quina \u00e9s la imatge i la textura de les coses.<\/p>\n<\/div><\/div>\n\n\n<hr \/>\n\n\n<div class=\"wp-block-media-text alignwide is-stacked-on-mobile has-background\" style=\"background-color:#ebdbfa;grid-template-columns:41% auto\"><figure class=\"wp-block-media-text__media\"><img decoding=\"async\" loading=\"lazy\" width=\"768\" height=\"1024\" src=\"http:\/\/llarinfantsagatha.com\/wp-content\/uploads\/2026\/03\/IMG_4991-768x1024.jpeg\" alt=\"\" class=\"wp-image-546 size-full\" srcset=\"http:\/\/llarinfantsagatha.com\/wp-content\/uploads\/2026\/03\/IMG_4991-768x1024.jpeg 768w, http:\/\/llarinfantsagatha.com\/wp-content\/uploads\/2026\/03\/IMG_4991-225x300.jpeg 225w, http:\/\/llarinfantsagatha.com\/wp-content\/uploads\/2026\/03\/IMG_4991-1152x1536.jpeg 1152w, http:\/\/llarinfantsagatha.com\/wp-content\/uploads\/2026\/03\/IMG_4991-1536x2048.jpeg 1536w, http:\/\/llarinfantsagatha.com\/wp-content\/uploads\/2026\/03\/IMG_4991-scaled.jpeg 1920w\" sizes=\"(max-width: 768px) 100vw, 768px\" \/><\/figure><div class=\"wp-block-media-text__content\">\n<p><em><strong><span style=\"color:#702090\" class=\"has-inline-color\">El joc:<\/span><\/strong><\/em><span class=\"has-inline-color has-very-dark-gray-color\"> <\/span>Panera dels tresors, joc heur\u00edstic, joc dirigit,  joc lliure. \u00c9s el recurs natural dels seus aprenentatges i la base del seu desenvolupament cognitiu, social i actiu<\/p>\n<\/div><\/div>\n\n\n<hr>\n\n\n<div class=\"wp-block-media-text alignwide is-stacked-on-mobile has-background\" style=\"background-color:#fff1cb;grid-template-columns:41% auto\"><figure class=\"wp-block-media-text__media\"><img decoding=\"async\" loading=\"lazy\" width=\"768\" height=\"1024\" src=\"http:\/\/llarinfantsagatha.com\/wp-content\/uploads\/2026\/04\/IMG_7687-768x1024.jpeg\" alt=\"\" class=\"wp-image-554 size-full\" srcset=\"http:\/\/llarinfantsagatha.com\/wp-content\/uploads\/2026\/04\/IMG_7687-768x1024.jpeg 768w, http:\/\/llarinfantsagatha.com\/wp-content\/uploads\/2026\/04\/IMG_7687-225x300.jpeg 225w, http:\/\/llarinfantsagatha.com\/wp-content\/uploads\/2026\/04\/IMG_7687-1152x1536.jpeg 1152w, http:\/\/llarinfantsagatha.com\/wp-content\/uploads\/2026\/04\/IMG_7687-1536x2048.jpeg 1536w, http:\/\/llarinfantsagatha.com\/wp-content\/uploads\/2026\/04\/IMG_7687-scaled.jpeg 1920w\" sizes=\"(max-width: 768px) 100vw, 768px\" \/><\/figure><div class=\"wp-block-media-text__content\">\n<p><strong><em><span style=\"color:#ffb31c\" class=\"has-inline-color\">M\u00fasica:<\/span><\/em><\/strong> L&#8217;objectiu \u00e9s que a trav\u00e9s de sons,can\u00e7ons,titelles,jocs de falda,instruments,danses,bits, audicions musicals&#8230; L&#8217;infant va descobrint la m\u00fasica.  Tamb\u00e9 fem sessions de musicoter\u00e0pia que ens ajuden a afavorir el benestar f\u00edsic i emocional<\/p>\n<\/div><\/div>\n\n\n<hr>\n\n\n<div class=\"wp-block-media-text alignwide is-stacked-on-mobile has-background\" style=\"background-color:#ffc79f;grid-template-columns:41% auto\"><figure class=\"wp-block-media-text__media\"><img decoding=\"async\" loading=\"lazy\" width=\"768\" height=\"1024\" src=\"http:\/\/llarinfantsagatha.com\/wp-content\/uploads\/2026\/04\/IMG_5328-768x1024.jpeg\" alt=\"\" class=\"wp-image-555 size-full\" srcset=\"http:\/\/llarinfantsagatha.com\/wp-content\/uploads\/2026\/04\/IMG_5328-768x1024.jpeg 768w, http:\/\/llarinfantsagatha.com\/wp-content\/uploads\/2026\/04\/IMG_5328-225x300.jpeg 225w, http:\/\/llarinfantsagatha.com\/wp-content\/uploads\/2026\/04\/IMG_5328-1152x1536.jpeg 1152w, http:\/\/llarinfantsagatha.com\/wp-content\/uploads\/2026\/04\/IMG_5328-1536x2048.jpeg 1536w, http:\/\/llarinfantsagatha.com\/wp-content\/uploads\/2026\/04\/IMG_5328-scaled.jpeg 1920w\" sizes=\"(max-width: 768px) 100vw, 768px\" \/><\/figure><div class=\"wp-block-media-text__content\">\n<p><mark style=\"background-color:rgba(0, 0, 0, 0)\" class=\"has-inline-color has-luminous-vivid-orange-color\"><strong><em>Reciclem:<\/em><\/strong><\/mark> Conscienciem els infants de la import\u00e0ncia de reciclar . Constru\u00efm jocs a partir de material de rebuig<\/p>\n<\/div><\/div>\n\n\n<hr>\n\n\n<div class=\"wp-block-media-text alignwide is-stacked-on-mobile has-background\" style=\"background-color:#dfde90;grid-template-columns:42% auto\"><figure class=\"wp-block-media-text__media\"><img decoding=\"async\" loading=\"lazy\" width=\"1024\" height=\"987\" src=\"http:\/\/llarinfantsagatha.com\/wp-content\/uploads\/2024\/02\/IMG_20240216_084417-1024x987.jpg\" alt=\"\" class=\"wp-image-505 size-full\" srcset=\"http:\/\/llarinfantsagatha.com\/wp-content\/uploads\/2024\/02\/IMG_20240216_084417-1024x987.jpg 1024w, http:\/\/llarinfantsagatha.com\/wp-content\/uploads\/2024\/02\/IMG_20240216_084417-300x289.jpg 300w, http:\/\/llarinfantsagatha.com\/wp-content\/uploads\/2024\/02\/IMG_20240216_084417-768x740.jpg 768w, http:\/\/llarinfantsagatha.com\/wp-content\/uploads\/2024\/02\/IMG_20240216_084417-1536x1480.jpg 1536w, http:\/\/llarinfantsagatha.com\/wp-content\/uploads\/2024\/02\/IMG_20240216_084417-2048x1974.jpg 2048w\" sizes=\"(max-width: 1024px) 100vw, 1024px\" \/><\/figure><div class=\"wp-block-media-text__content\">\n<p><mark style=\"background-color:rgba(0, 0, 0, 0);color:#225a26\" class=\"has-inline-color\"><strong><em>Angl\u00e8s:<\/em><\/strong> <\/mark>Els infants reben di\u00e0riament,\u00a0est\u00edmuls auditius en diverses lleng\u00fces, a\u00a0fi\u00a0que el seu cervell reconegui sons que no els trobaria en la llengua materna. Utilitzem bits,\u00a0flash card\u00a0i personatges ficticis<\/p>\n<\/div><\/div>\n\n\n<hr>\n\n\n<div class=\"wp-block-media-text alignwide is-stacked-on-mobile has-background\" style=\"background-color:#c4d8e4;grid-template-columns:42% auto\"><figure class=\"wp-block-media-text__media\"><img decoding=\"async\" loading=\"lazy\" width=\"1024\" height=\"768\" src=\"http:\/\/llarinfantsagatha.com\/wp-content\/uploads\/2026\/04\/b4976501-2423-4686-bc00-445d16345103-1024x768.jpeg\" alt=\"\" class=\"wp-image-558 size-full\" srcset=\"http:\/\/llarinfantsagatha.com\/wp-content\/uploads\/2026\/04\/b4976501-2423-4686-bc00-445d16345103-1024x768.jpeg 1024w, http:\/\/llarinfantsagatha.com\/wp-content\/uploads\/2026\/04\/b4976501-2423-4686-bc00-445d16345103-300x225.jpeg 300w, http:\/\/llarinfantsagatha.com\/wp-content\/uploads\/2026\/04\/b4976501-2423-4686-bc00-445d16345103-768x576.jpeg 768w, http:\/\/llarinfantsagatha.com\/wp-content\/uploads\/2026\/04\/b4976501-2423-4686-bc00-445d16345103-1536x1152.jpeg 1536w, http:\/\/llarinfantsagatha.com\/wp-content\/uploads\/2026\/04\/b4976501-2423-4686-bc00-445d16345103.jpeg 1600w\" sizes=\"(max-width: 1024px) 100vw, 1024px\" \/><\/figure><div class=\"wp-block-media-text__content\">\n<p><mark style=\"background-color:rgba(0, 0, 0, 0)\" class=\"has-inline-color has-vivid-cyan-blue-color\"><em><strong>Espai exterior:<\/strong><\/em><\/mark> Tenim un jard\u00ed de m\u00e9s de 600m2 que forma part dels aprenentatges, amb espais diferenciats per diversificar i enriquir les possibilitats de joc lliure: hort, arbres fruiters, gespa, flors&#8230; A on els infants gaudeixen en plena natural<\/p>\n<\/div><\/div>\n\n\n<hr>\n\n\n<div class=\"wp-block-media-text alignwide is-stacked-on-mobile has-background\" style=\"background-color:#e6caff;grid-template-columns:43% auto\"><figure class=\"wp-block-media-text__media\"><img decoding=\"async\" loading=\"lazy\" width=\"750\" height=\"1024\" src=\"http:\/\/llarinfantsagatha.com\/wp-content\/uploads\/2026\/04\/157d5c5a-ad36-450d-bf46-aa44abced343-750x1024.jpg\" alt=\"\" class=\"wp-image-559 size-full\" srcset=\"http:\/\/llarinfantsagatha.com\/wp-content\/uploads\/2026\/04\/157d5c5a-ad36-450d-bf46-aa44abced343-750x1024.jpg 750w, http:\/\/llarinfantsagatha.com\/wp-content\/uploads\/2026\/04\/157d5c5a-ad36-450d-bf46-aa44abced343-220x300.jpg 220w, http:\/\/llarinfantsagatha.com\/wp-content\/uploads\/2026\/04\/157d5c5a-ad36-450d-bf46-aa44abced343-768x1049.jpg 768w, http:\/\/llarinfantsagatha.com\/wp-content\/uploads\/2026\/04\/157d5c5a-ad36-450d-bf46-aa44abced343.jpg 974w\" sizes=\"(max-width: 750px) 100vw, 750px\" \/><\/figure><div class=\"wp-block-media-text__content\">\n<p><mark style=\"background-color:rgba(0, 0, 0, 0)\" class=\"has-inline-color has-vivid-purple-color\"><em><strong>Sortides<\/strong><\/em>:<\/mark> Fem petites passejades pels voltants de l&#8217;escola i tamb\u00e9 fem excursions fora del municipi<\/p>\n<\/div><\/div>\n\n\n<hr>\n\n\n<div class=\"wp-block-media-text alignwide is-stacked-on-mobile\"><figure class=\"wp-block-media-text__media\"><\/figure><div class=\"wp-block-media-text__content\">\n<p class=\"has-large-font-size\"><\/p>\n<\/div><\/div>\n","protected":false},"excerpt":{"rendered":"<p>Educaci\u00f3\u00a0emocional: Creiem que \u00e9s important que els infants puguin identificar i expressar amb naturalitat les seves emocions, per afavorir el seu benestar i la conviv\u00e8ncia dins l&#8217;aula Experimentaci\u00f3: Presentem propostes amb materials diversos que ofereixen diferents tipus de textures, formes, colors,mides&#8230;L\u2019experimentaci\u00f3 ajuda al desenvolupament de la creativitat i la imaginaci\u00f3. Llenguatge verbal: A trav\u00e9s dels [&hellip;]<\/p>\n","protected":false},"author":1,"featured_media":0,"parent":0,"menu_order":5,"comment_status":"closed","ping_status":"closed","template":"","meta":[],"_links":{"self":[{"href":"http:\/\/llarinfantsagatha.com\/index.php\/wp-json\/wp\/v2\/pages\/35"}],"collection":[{"href":"http:\/\/llarinfantsagatha.com\/index.php\/wp-json\/wp\/v2\/pages"}],"about":[{"href":"http:\/\/llarinfantsagatha.com\/index.php\/wp-json\/wp\/v2\/types\/page"}],"author":[{"embeddable":true,"href":"http:\/\/llarinfantsagatha.com\/index.php\/wp-json\/wp\/v2\/users\/1"}],"replies":[{"embeddable":true,"href":"http:\/\/llarinfantsagatha.com\/index.php\/wp-json\/wp\/v2\/comments?post=35"}],"version-history":[{"count":20,"href":"http:\/\/llarinfantsagatha.com\/index.php\/wp-json\/wp\/v2\/pages\/35\/revisions"}],"predecessor-version":[{"id":560,"href":"http:\/\/llarinfantsagatha.com\/index.php\/wp-json\/wp\/v2\/pages\/35\/revisions\/560"}],"wp:attachment":[{"href":"http:\/\/llarinfantsagatha.com\/index.php\/wp-json\/wp\/v2\/media?parent=35"}],"curies":[{"name":"wp","href":"https:\/\/api.w.org\/{rel}","templated":true}]}}